{"id":7316,"date":"2023-03-24T12:51:10","date_gmt":"2023-03-24T11:51:10","guid":{"rendered":"https:\/\/ducr.cz\/about-us\/vedeni-drazniho-uradu\/"},"modified":"2025-05-29T08:43:22","modified_gmt":"2025-05-29T06:43:22","slug":"rail-authority-management","status":"publish","type":"page","link":"https:\/\/web-prod.k8s.du.gov.cz\/en\/about-us\/rail-authority-management\/","title":{"rendered":"Rail Authority Management"},"content":{"rendered":"<div id=\"pl-7316\"  class=\"panel-layout\" ><div id=\"pg-7316-0\"  class=\"panel-grid panel-no-style\" ><div id=\"pgc-7316-0-0\"  class=\"panel-grid-cell\" ><div id=\"panel-7316-0-0-0\" class=\"so-panel widget widget_ducr-organizationperson panel-first-child panel-last-child\" data-index=\"0\" ><div\n\t\t\t\n\t\t\tclass=\"so-widget-ducr-organizationperson so-widget-ducr-organizationperson-base\"\n\t\t\t\n\t\t>    <h2 id=\"sowtit-rail-authority-director\">Rail Authority Director<\/h2>        <div class=\"ducr__organization\" role=\"list\">\n        \n                <div class=\"ducr__organization-item\">\n                    <a class=\"ducr__organization-item-image gov-modal__trigger\"\n                                            aria-label=\"Zobrazit mod\u00e1ln\u00ed okno\"\n                        data-id=\"modal-730742569\"\n                                        >\n                        <img decoding=\"async\" width=\"70\" height=\"70\" src=\"https:\/\/web-prod.k8s.du.gov.cz\/wp-content\/uploads\/2023\/05\/Kolar-Jiri-mini.jpg\" class=\"attachment-thumbnail size-thumbnail\" alt=\"\" \/>                    <\/a>\n\n                    <div class=\"ducr__organization-item-position\">\n                        <h3 class=\"ducr__organization-item-position-name\">doc. Ing. Ji\u0159\u00ed Kol\u00e1\u0159, Ph.D.<\/h3>\n                        <p class=\"ducr__organization-item-position-desc\">Rail Authority Director<\/p>\n                    <\/div>\n\n                                        <a class=\"ducr__organization-item-file gov-button gov-button--primary-outlined\"\n                       href=\"https:\/\/web-prod.k8s.du.gov.cz\/wp-content\/uploads\/2023\/05\/CV_Kolar_Jiri.pdf\">View CV (PDF)<\/a>\n                    \n                    <div id=\"modal-730742569\" class=\"gov-modal\"\n     aria-hidden=\"true\" tabindex=\"-1\" aria-labelledby=\"modal-title\" aria-describedby=\"modal-description\" role=\"dialog\">\n    <div class=\"gov-modal__content \">\n        <div class=\"gov-modal__header\">\n            <h2 id=\"modal-title\">\n                Preview            <\/h2>\n        <\/div>\n        <div class=\"gov-modal__content-inner ducr__organization-item-modal-content\">\n                <img decoding=\"async\" width=\"334\" height=\"500\" src=\"https:\/\/web-prod.k8s.du.gov.cz\/wp-content\/uploads\/2023\/05\/Kolar-Jiri.jpg\" class=\"attachment-full size-full\" alt=\"\" srcset=\"https:\/\/web-prod.k8s.du.gov.cz\/wp-content\/uploads\/2023\/05\/Kolar-Jiri.jpg 334w, https:\/\/web-prod.k8s.du.gov.cz\/wp-content\/uploads\/2023\/05\/Kolar-Jiri-200x300.jpg 200w\" sizes=\"(max-width: 334px) 100vw, 334px\" \/><p>doc. Ing. Ji\u0159\u00ed Kol\u00e1\u0159, Ph.D.<\/p>        <\/div>\n            <button class=\"gov-button gov-button--secondary gov-modal__close\" aria-labelledby=\"modal-close\">\n              <span\n                  id=\"modal-close-730742569\"\n                  class=\"u-sr-only gov-button__label\">\n                        Close modal window                <\/span>\n            <\/button>\n        <\/div>\n    <div class=\"gov-modal__backdrop\"><\/div>\n<\/div>                <\/div>\n        <\/div><\/div><\/div><\/div><\/div><div id=\"pg-7316-1\"  class=\"panel-grid panel-no-style\" ><div id=\"pgc-7316-1-0\"  class=\"panel-grid-cell\" ><div id=\"panel-7316-1-0-0\" class=\"so-panel widget widget_ducr-organizationperson panel-first-child panel-last-child\" data-index=\"1\" ><div\n\t\t\t\n\t\t\tclass=\"so-widget-ducr-organizationperson so-widget-ducr-organizationperson-base\"\n\t\t\t\n\t\t>    <h2 id=\"sowtit-directors-office-department\">Director\u2019s Office Department<\/h2>        <div class=\"ducr__organization\" role=\"list\">\n        \n                <div class=\"ducr__organization-item\">\n                    <a class=\"ducr__organization-item-image gov-modal__trigger\"\n                                            aria-label=\"Zobrazit mod\u00e1ln\u00ed okno\"\n                        data-id=\"modal-758294478\"\n                                        >\n                        <img decoding=\"async\" width=\"70\" height=\"69\" src=\"https:\/\/web-prod.k8s.du.gov.cz\/wp-content\/uploads\/2024\/08\/Martina-Fialova-m.jpg\" class=\"attachment-thumbnail size-thumbnail\" alt=\"\" \/>                    <\/a>\n\n                    <div class=\"ducr__organization-item-position\">\n                        <h3 class=\"ducr__organization-item-position-name\">Ing. Martina Fialov\u00e1<\/h3>\n                        <p class=\"ducr__organization-item-position-desc\">Head of Rail Authority Director\u2019s Office<\/p>\n                    <\/div>\n\n                                        <a class=\"ducr__organization-item-file gov-button gov-button--primary-outlined\"\n                       href=\"https:\/\/web-prod.k8s.du.gov.cz\/wp-content\/uploads\/2024\/05\/CV_Martina_Fialova.pdf\">View CV (PDF)<\/a>\n                    \n                    <div id=\"modal-758294478\" class=\"gov-modal\"\n     aria-hidden=\"true\" tabindex=\"-1\" aria-labelledby=\"modal-title\" aria-describedby=\"modal-description\" role=\"dialog\">\n    <div class=\"gov-modal__content \">\n        <div class=\"gov-modal__header\">\n            <h2 id=\"modal-title\">\n                Preview            <\/h2>\n        <\/div>\n        <div class=\"gov-modal__content-inner ducr__organization-item-modal-content\">\n                <img decoding=\"async\" width=\"333\" height=\"479\" src=\"https:\/\/web-prod.k8s.du.gov.cz\/wp-content\/uploads\/2024\/08\/Martina-Fialova.jpg\" class=\"attachment-full size-full\" alt=\"\" srcset=\"https:\/\/web-prod.k8s.du.gov.cz\/wp-content\/uploads\/2024\/08\/Martina-Fialova.jpg 333w, https:\/\/web-prod.k8s.du.gov.cz\/wp-content\/uploads\/2024\/08\/Martina-Fialova-209x300.jpg 209w\" sizes=\"(max-width: 333px) 100vw, 333px\" \/><p>Ing. Martina Fialov\u00e1<\/p>        <\/div>\n            <button class=\"gov-button gov-button--secondary gov-modal__close\" aria-labelledby=\"modal-close\">\n              <span\n                  id=\"modal-close-758294478\"\n                  class=\"u-sr-only gov-button__label\">\n                        Close modal window                <\/span>\n            <\/button>\n        <\/div>\n    <div class=\"gov-modal__backdrop\"><\/div>\n<\/div>                <\/div>\n        <\/div><\/div><\/div><\/div><\/div><div id=\"pg-7316-2\"  class=\"panel-grid panel-no-style\" ><div id=\"pgc-7316-2-0\"  class=\"panel-grid-cell\" ><div id=\"panel-7316-2-0-0\" class=\"so-panel widget widget_ducr-organizationperson panel-first-child panel-last-child\" data-index=\"2\" ><div\n\t\t\t\n\t\t\tclass=\"so-widget-ducr-organizationperson so-widget-ducr-organizationperson-base\"\n\t\t\t\n\t\t>    <h2 id=\"sowtit-operations-division\">Operations Division<\/h2>        <div class=\"ducr__organization\" role=\"list\">\n        \n                <div class=\"ducr__organization-item\">\n                    <a class=\"ducr__organization-item-image gov-modal__trigger\"\n                                            aria-label=\"Zobrazit mod\u00e1ln\u00ed okno\"\n                        data-id=\"modal-767544269\"\n                                        >\n                        <img decoding=\"async\" width=\"70\" height=\"70\" src=\"https:\/\/web-prod.k8s.du.gov.cz\/wp-content\/uploads\/2024\/08\/Jan_Vrbata-m.jpg\" class=\"attachment-thumbnail size-thumbnail\" alt=\"\" \/>                    <\/a>\n\n                    <div class=\"ducr__organization-item-position\">\n                        <h3 class=\"ducr__organization-item-position-name\">Ing. Jan Vrbata, Ph.D.<\/h3>\n                        <p class=\"ducr__organization-item-position-desc\">Head of Operations Division<\/p>\n                    <\/div>\n\n                                        <a class=\"ducr__organization-item-file gov-button gov-button--primary-outlined\"\n                       href=\"https:\/\/web-prod.k8s.du.gov.cz\/wp-content\/uploads\/2024\/07\/CV_Vrbata_Jan-1.pdf\">View CV (PDF)<\/a>\n                    \n                    <div id=\"modal-767544269\" class=\"gov-modal\"\n     aria-hidden=\"true\" tabindex=\"-1\" aria-labelledby=\"modal-title\" aria-describedby=\"modal-description\" role=\"dialog\">\n    <div class=\"gov-modal__content \">\n        <div class=\"gov-modal__header\">\n            <h2 id=\"modal-title\">\n                Preview            <\/h2>\n        <\/div>\n        <div class=\"gov-modal__content-inner ducr__organization-item-modal-content\">\n                <img decoding=\"async\" width=\"338\" height=\"464\" src=\"https:\/\/web-prod.k8s.du.gov.cz\/wp-content\/uploads\/2024\/08\/Jan_Vrbata.jpg\" class=\"attachment-full size-full\" alt=\"\" srcset=\"https:\/\/web-prod.k8s.du.gov.cz\/wp-content\/uploads\/2024\/08\/Jan_Vrbata.jpg 338w, https:\/\/web-prod.k8s.du.gov.cz\/wp-content\/uploads\/2024\/08\/Jan_Vrbata-219x300.jpg 219w\" sizes=\"(max-width: 338px) 100vw, 338px\" \/><p>Ing. Jan Vrbata, Ph.D.<\/p>        <\/div>\n            <button class=\"gov-button gov-button--secondary gov-modal__close\" aria-labelledby=\"modal-close\">\n              <span\n                  id=\"modal-close-767544269\"\n                  class=\"u-sr-only gov-button__label\">\n                        Close modal window                <\/span>\n            <\/button>\n        <\/div>\n    <div class=\"gov-modal__backdrop\"><\/div>\n<\/div>                <\/div>\n    \n                <div class=\"ducr__organization-item\">\n                    <a class=\"ducr__organization-item-image gov-modal__trigger\"\n                                            aria-label=\"Zobrazit mod\u00e1ln\u00ed okno\"\n                        data-id=\"modal-840225615\"\n                                        >\n                        <img decoding=\"async\" width=\"67\" height=\"70\" src=\"https:\/\/web-prod.k8s.du.gov.cz\/wp-content\/uploads\/2024\/11\/Maly-m.jpg\" class=\"attachment-thumbnail size-thumbnail\" alt=\"\" \/>                    <\/a>\n\n                    <div class=\"ducr__organization-item-position\">\n                        <h3 class=\"ducr__organization-item-position-name\">Mgr. Pavel Mal\u00fd<\/h3>\n                        <p class=\"ducr__organization-item-position-desc\">Head of Prague Regional Department \n(Deputy Head of Operations Division)<\/p>\n                    <\/div>\n\n                                        <a class=\"ducr__organization-item-file gov-button gov-button--primary-outlined\"\n                       href=\"https:\/\/web-prod.k8s.du.gov.cz\/wp-content\/uploads\/2024\/09\/CV_Maly_Pavel.pdf\">View CV (PDF)<\/a>\n                    \n                    <div id=\"modal-840225615\" class=\"gov-modal\"\n     aria-hidden=\"true\" tabindex=\"-1\" aria-labelledby=\"modal-title\" aria-describedby=\"modal-description\" role=\"dialog\">\n    <div class=\"gov-modal__content \">\n        <div class=\"gov-modal__header\">\n            <h2 id=\"modal-title\">\n                Preview            <\/h2>\n        <\/div>\n        <div class=\"gov-modal__content-inner ducr__organization-item-modal-content\">\n                <img decoding=\"async\" width=\"800\" height=\"1200\" src=\"https:\/\/web-prod.k8s.du.gov.cz\/wp-content\/uploads\/2024\/11\/Maly.jpg\" class=\"attachment-full size-full\" alt=\"\" srcset=\"https:\/\/web-prod.k8s.du.gov.cz\/wp-content\/uploads\/2024\/11\/Maly.jpg 800w, https:\/\/web-prod.k8s.du.gov.cz\/wp-content\/uploads\/2024\/11\/Maly-200x300.jpg 200w, https:\/\/web-prod.k8s.du.gov.cz\/wp-content\/uploads\/2024\/11\/Maly-683x1024.jpg 683w, https:\/\/web-prod.k8s.du.gov.cz\/wp-content\/uploads\/2024\/11\/Maly-768x1152.jpg 768w, https:\/\/web-prod.k8s.du.gov.cz\/wp-content\/uploads\/2024\/11\/Maly-690x1035.jpg 690w\" sizes=\"(max-width: 800px) 100vw, 800px\" \/><p>Mgr. Pavel Mal\u00fd<\/p>        <\/div>\n            <button class=\"gov-button gov-button--secondary gov-modal__close\" aria-labelledby=\"modal-close\">\n              <span\n                  id=\"modal-close-840225615\"\n                  class=\"u-sr-only gov-button__label\">\n                        Close modal window                <\/span>\n            <\/button>\n        <\/div>\n    <div class=\"gov-modal__backdrop\"><\/div>\n<\/div>                <\/div>\n    \n                <div class=\"ducr__organization-item\">\n                    <a class=\"ducr__organization-item-image gov-modal__trigger\"\n                                            aria-label=\"Zobrazit mod\u00e1ln\u00ed okno\"\n                        data-id=\"modal-1922436412\"\n                                        >\n                        <img decoding=\"async\" width=\"70\" height=\"70\" src=\"https:\/\/web-prod.k8s.du.gov.cz\/wp-content\/uploads\/2023\/05\/Kuska-Frantisek-mini-e1683726661785.jpg\" class=\"attachment-thumbnail size-thumbnail\" alt=\"\" \/>                    <\/a>\n\n                    <div class=\"ducr__organization-item-position\">\n                        <h3 class=\"ducr__organization-item-position-name\">Ing. Franti\u0161ek Ku\u0161ka<\/h3>\n                        <p class=\"ducr__organization-item-position-desc\">Chief of Separate Safety Department Plze\u0148<\/p>\n                    <\/div>\n\n                                        <a class=\"ducr__organization-item-file gov-button gov-button--primary-outlined\"\n                       href=\"https:\/\/web-prod.k8s.du.gov.cz\/wp-content\/uploads\/2023\/05\/CV_Kuska_Frantisek.pdf\">View CV (PDF)<\/a>\n                    \n                    <div id=\"modal-1922436412\" class=\"gov-modal\"\n     aria-hidden=\"true\" tabindex=\"-1\" aria-labelledby=\"modal-title\" aria-describedby=\"modal-description\" role=\"dialog\">\n    <div class=\"gov-modal__content \">\n        <div class=\"gov-modal__header\">\n            <h2 id=\"modal-title\">\n                Preview            <\/h2>\n        <\/div>\n        <div class=\"gov-modal__content-inner ducr__organization-item-modal-content\">\n                <img decoding=\"async\" width=\"333\" height=\"500\" src=\"https:\/\/web-prod.k8s.du.gov.cz\/wp-content\/uploads\/2023\/05\/Kuska-Frantisek-e1683726674213.jpg\" class=\"attachment-full size-full\" alt=\"\" srcset=\"https:\/\/web-prod.k8s.du.gov.cz\/wp-content\/uploads\/2023\/05\/Kuska-Frantisek-e1683726674213.jpg 333w, https:\/\/web-prod.k8s.du.gov.cz\/wp-content\/uploads\/2023\/05\/Kuska-Frantisek-e1683726674213-200x300.jpg 200w\" sizes=\"(max-width: 333px) 100vw, 333px\" \/><p>Ing. Franti\u0161ek Ku\u0161ka<\/p>        <\/div>\n            <button class=\"gov-button gov-button--secondary gov-modal__close\" aria-labelledby=\"modal-close\">\n              <span\n                  id=\"modal-close-1922436412\"\n                  class=\"u-sr-only gov-button__label\">\n                        Close modal window                <\/span>\n            <\/button>\n        <\/div>\n    <div class=\"gov-modal__backdrop\"><\/div>\n<\/div>                <\/div>\n    \n                <div class=\"ducr__organization-item\">\n                    <a class=\"ducr__organization-item-image gov-modal__trigger\"\n                                            aria-label=\"Zobrazit mod\u00e1ln\u00ed okno\"\n                        data-id=\"modal-1552248246\"\n                                        >\n                        <img decoding=\"async\" width=\"70\" height=\"70\" src=\"https:\/\/web-prod.k8s.du.gov.cz\/wp-content\/uploads\/2023\/05\/Wagnerova-Jarmila-mini.jpg\" class=\"attachment-thumbnail size-thumbnail\" alt=\"\" \/>                    <\/a>\n\n                    <div class=\"ducr__organization-item-position\">\n                        <h3 class=\"ducr__organization-item-position-name\">Ing. Jarmila Wagnerov\u00e1<\/h3>\n                        <p class=\"ducr__organization-item-position-desc\">Head of Olomouc Regional Department <\/p>\n                    <\/div>\n\n                                        <a class=\"ducr__organization-item-file gov-button gov-button--primary-outlined\"\n                       href=\"https:\/\/web-prod.k8s.du.gov.cz\/wp-content\/uploads\/2023\/05\/CV_Wagnerova_Jarmila-1.pdf\">View CV (PDF)<\/a>\n                    \n                    <div id=\"modal-1552248246\" class=\"gov-modal\"\n     aria-hidden=\"true\" tabindex=\"-1\" aria-labelledby=\"modal-title\" aria-describedby=\"modal-description\" role=\"dialog\">\n    <div class=\"gov-modal__content \">\n        <div class=\"gov-modal__header\">\n            <h2 id=\"modal-title\">\n                Preview            <\/h2>\n        <\/div>\n        <div class=\"gov-modal__content-inner ducr__organization-item-modal-content\">\n                <img decoding=\"async\" width=\"1311\" height=\"1966\" src=\"https:\/\/web-prod.k8s.du.gov.cz\/wp-content\/uploads\/2023\/05\/Wagnerova_Jarmila.jpg\" class=\"attachment-full size-full\" alt=\"\" srcset=\"https:\/\/web-prod.k8s.du.gov.cz\/wp-content\/uploads\/2023\/05\/Wagnerova_Jarmila.jpg 1311w, https:\/\/web-prod.k8s.du.gov.cz\/wp-content\/uploads\/2023\/05\/Wagnerova_Jarmila-200x300.jpg 200w, https:\/\/web-prod.k8s.du.gov.cz\/wp-content\/uploads\/2023\/05\/Wagnerova_Jarmila-683x1024.jpg 683w, https:\/\/web-prod.k8s.du.gov.cz\/wp-content\/uploads\/2023\/05\/Wagnerova_Jarmila-768x1152.jpg 768w, https:\/\/web-prod.k8s.du.gov.cz\/wp-content\/uploads\/2023\/05\/Wagnerova_Jarmila-1024x1536.jpg 1024w, https:\/\/web-prod.k8s.du.gov.cz\/wp-content\/uploads\/2023\/05\/Wagnerova_Jarmila-690x1035.jpg 690w\" sizes=\"(max-width: 1311px) 100vw, 1311px\" \/><p>Ing. Jarmila Wagnerov\u00e1<\/p>        <\/div>\n            <button class=\"gov-button gov-button--secondary gov-modal__close\" aria-labelledby=\"modal-close\">\n              <span\n                  id=\"modal-close-1552248246\"\n                  class=\"u-sr-only gov-button__label\">\n                        Close modal window                <\/span>\n            <\/button>\n        <\/div>\n    <div class=\"gov-modal__backdrop\"><\/div>\n<\/div>                <\/div>\n        <\/div><\/div><\/div><\/div><\/div><div id=\"pg-7316-3\"  class=\"panel-grid panel-no-style\" ><div id=\"pgc-7316-3-0\"  class=\"panel-grid-cell\" ><div id=\"panel-7316-3-0-0\" class=\"so-panel widget widget_ducr-organizationperson panel-first-child panel-last-child\" data-index=\"3\" ><div\n\t\t\t\n\t\t\tclass=\"so-widget-ducr-organizationperson so-widget-ducr-organizationperson-base\"\n\t\t\t\n\t\t>    <h2 id=\"sowtit-technical-division\">Technical Division<\/h2>        <div class=\"ducr__organization\" role=\"list\">\n        \n                <div class=\"ducr__organization-item\">\n                    <a class=\"ducr__organization-item-image gov-modal__trigger\"\n                                            aria-label=\"Zobrazit mod\u00e1ln\u00ed okno\"\n                        data-id=\"modal-2081390164\"\n                                        >\n                        <img decoding=\"async\" width=\"70\" height=\"70\" src=\"https:\/\/web-prod.k8s.du.gov.cz\/wp-content\/uploads\/2023\/05\/Safranek-Radek-mini-e1683726695744.jpg\" class=\"attachment-thumbnail size-thumbnail\" alt=\"\" \/>                    <\/a>\n\n                    <div class=\"ducr__organization-item-position\">\n                        <h3 class=\"ducr__organization-item-position-name\">Ing. Radek \u0160afr\u00e1nek<\/h3>\n                        <p class=\"ducr__organization-item-position-desc\">Head of Technical Section\n(Deputy Rail Authority Director)<\/p>\n                    <\/div>\n\n                                        <a class=\"ducr__organization-item-file gov-button gov-button--primary-outlined\"\n                       href=\"https:\/\/web-prod.k8s.du.gov.cz\/wp-content\/uploads\/2023\/05\/CV_Safranek_Radek.pdf\">View CV (PDF)<\/a>\n                    \n                    <div id=\"modal-2081390164\" class=\"gov-modal\"\n     aria-hidden=\"true\" tabindex=\"-1\" aria-labelledby=\"modal-title\" aria-describedby=\"modal-description\" role=\"dialog\">\n    <div class=\"gov-modal__content \">\n        <div class=\"gov-modal__header\">\n            <h2 id=\"modal-title\">\n                Preview            <\/h2>\n        <\/div>\n        <div class=\"gov-modal__content-inner ducr__organization-item-modal-content\">\n                <img decoding=\"async\" width=\"300\" height=\"450\" src=\"https:\/\/web-prod.k8s.du.gov.cz\/wp-content\/uploads\/2023\/05\/Safranek-Radek-scaled-e1687341988321.jpg\" class=\"attachment-full size-full\" alt=\"\" srcset=\"https:\/\/web-prod.k8s.du.gov.cz\/wp-content\/uploads\/2023\/05\/Safranek-Radek-scaled-e1687341988321.jpg 300w, https:\/\/web-prod.k8s.du.gov.cz\/wp-content\/uploads\/2023\/05\/Safranek-Radek-scaled-e1687341988321-200x300.jpg 200w\" sizes=\"(max-width: 300px) 100vw, 300px\" \/><p>Ing. Radek \u0160afr\u00e1nek<\/p>        <\/div>\n            <button class=\"gov-button gov-button--secondary gov-modal__close\" aria-labelledby=\"modal-close\">\n              <span\n                  id=\"modal-close-2081390164\"\n                  class=\"u-sr-only gov-button__label\">\n                        Close modal window                <\/span>\n            <\/button>\n        <\/div>\n    <div class=\"gov-modal__backdrop\"><\/div>\n<\/div>                <\/div>\n    \n                <div class=\"ducr__organization-item\">\n                    <a class=\"ducr__organization-item-image gov-modal__trigger\"\n                                            aria-label=\"Zobrazit mod\u00e1ln\u00ed okno\"\n                        data-id=\"modal-1396977249\"\n                                        >\n                        <img decoding=\"async\" width=\"70\" height=\"70\" src=\"https:\/\/web-prod.k8s.du.gov.cz\/wp-content\/uploads\/2023\/05\/Lehovec-Jan-mini-e1683726729495.jpg\" class=\"attachment-thumbnail size-thumbnail\" alt=\"\" \/>                    <\/a>\n\n                    <div class=\"ducr__organization-item-position\">\n                        <h3 class=\"ducr__organization-item-position-name\">Ing. Jan Lehovec<\/h3>\n                        <p class=\"ducr__organization-item-position-desc\">Head of Rail Transport, Guided Transport Systems and Licenses Department \n(Deputy Head of Technical Division)\n<\/p>\n                    <\/div>\n\n                                        <a class=\"ducr__organization-item-file gov-button gov-button--primary-outlined\"\n                       href=\"https:\/\/web-prod.k8s.du.gov.cz\/wp-content\/uploads\/2023\/05\/CV_Lehovec_Jan.pdf\">View CV (PDF)<\/a>\n                    \n                    <div id=\"modal-1396977249\" class=\"gov-modal\"\n     aria-hidden=\"true\" tabindex=\"-1\" aria-labelledby=\"modal-title\" aria-describedby=\"modal-description\" role=\"dialog\">\n    <div class=\"gov-modal__content \">\n        <div class=\"gov-modal__header\">\n            <h2 id=\"modal-title\">\n                Preview            <\/h2>\n        <\/div>\n        <div class=\"gov-modal__content-inner ducr__organization-item-modal-content\">\n                <img decoding=\"async\" width=\"333\" height=\"500\" src=\"https:\/\/web-prod.k8s.du.gov.cz\/wp-content\/uploads\/2023\/05\/Lehovec-Jan-e1683726747434.jpg\" class=\"attachment-full size-full\" alt=\"\" srcset=\"https:\/\/web-prod.k8s.du.gov.cz\/wp-content\/uploads\/2023\/05\/Lehovec-Jan-e1683726747434.jpg 333w, https:\/\/web-prod.k8s.du.gov.cz\/wp-content\/uploads\/2023\/05\/Lehovec-Jan-e1683726747434-200x300.jpg 200w\" sizes=\"(max-width: 333px) 100vw, 333px\" \/><p>Ing. Jan Lehovec<\/p>        <\/div>\n            <button class=\"gov-button gov-button--secondary gov-modal__close\" aria-labelledby=\"modal-close\">\n              <span\n                  id=\"modal-close-1396977249\"\n                  class=\"u-sr-only gov-button__label\">\n                        Close modal window                <\/span>\n            <\/button>\n        <\/div>\n    <div class=\"gov-modal__backdrop\"><\/div>\n<\/div>                <\/div>\n    \n                <div class=\"ducr__organization-item\">\n                    <a class=\"ducr__organization-item-image gov-modal__trigger\"\n                                        >\n                        <img decoding=\"async\" width=\"70\" height=\"70\" src=\"https:\/\/web-prod.k8s.du.gov.cz\/wp-content\/uploads\/2023\/05\/Bez-obrazku-1.jpg\" class=\"attachment-thumbnail size-thumbnail\" alt=\"\" \/>                    <\/a>\n\n                    <div class=\"ducr__organization-item-position\">\n                        <h3 class=\"ducr__organization-item-position-name\">Bc. Ladislav Nepejchal<\/h3>\n                        <p class=\"ducr__organization-item-position-desc\">Head of Specified Technical Installations and equipment Department<\/p>\n                    <\/div>\n\n                    \n                    <div id=\"modal-1775970786\" class=\"gov-modal\"\n     aria-hidden=\"true\" tabindex=\"-1\" aria-labelledby=\"modal-title\" aria-describedby=\"modal-description\" role=\"dialog\">\n    <div class=\"gov-modal__content \">\n        <div class=\"gov-modal__header\">\n            <h2 id=\"modal-title\">\n                Preview            <\/h2>\n        <\/div>\n        <div class=\"gov-modal__content-inner ducr__organization-item-modal-content\">\n                <p>Bc. Ladislav Nepejchal<\/p>        <\/div>\n            <button class=\"gov-button gov-button--secondary gov-modal__close\" aria-labelledby=\"modal-close\">\n              <span\n                  id=\"modal-close-1775970786\"\n                  class=\"u-sr-only gov-button__label\">\n                        Close modal window                <\/span>\n            <\/button>\n        <\/div>\n    <div class=\"gov-modal__backdrop\"><\/div>\n<\/div>                <\/div>\n    \n                <div class=\"ducr__organization-item\">\n                    <a class=\"ducr__organization-item-image gov-modal__trigger\"\n                                            aria-label=\"Zobrazit mod\u00e1ln\u00ed okno\"\n                        data-id=\"modal-311591911\"\n                                        >\n                        <img decoding=\"async\" width=\"70\" height=\"70\" src=\"https:\/\/web-prod.k8s.du.gov.cz\/wp-content\/uploads\/2023\/05\/Bittner-Jaromir-mini-e1683726799855.jpg\" class=\"attachment-thumbnail size-thumbnail\" alt=\"\" \/>                    <\/a>\n\n                    <div class=\"ducr__organization-item-position\">\n                        <h3 class=\"ducr__organization-item-position-name\">Ing. Jarom\u00edr Bittner<\/h3>\n                        <p class=\"ducr__organization-item-position-desc\">Head of Rolling Stock and ECM Department<\/p>\n                    <\/div>\n\n                                        <a class=\"ducr__organization-item-file gov-button gov-button--primary-outlined\"\n                       href=\"https:\/\/web-prod.k8s.du.gov.cz\/wp-content\/uploads\/2023\/05\/CV_Bittner_Jaromir.pdf\">View CV (PDF)<\/a>\n                    \n                    <div id=\"modal-311591911\" class=\"gov-modal\"\n     aria-hidden=\"true\" tabindex=\"-1\" aria-labelledby=\"modal-title\" aria-describedby=\"modal-description\" role=\"dialog\">\n    <div class=\"gov-modal__content \">\n        <div class=\"gov-modal__header\">\n            <h2 id=\"modal-title\">\n                Preview            <\/h2>\n        <\/div>\n        <div class=\"gov-modal__content-inner ducr__organization-item-modal-content\">\n                <img decoding=\"async\" width=\"333\" height=\"500\" src=\"https:\/\/web-prod.k8s.du.gov.cz\/wp-content\/uploads\/2023\/05\/Bittner-Jaromir-e1683726814402.jpg\" class=\"attachment-full size-full\" alt=\"\" srcset=\"https:\/\/web-prod.k8s.du.gov.cz\/wp-content\/uploads\/2023\/05\/Bittner-Jaromir-e1683726814402.jpg 333w, https:\/\/web-prod.k8s.du.gov.cz\/wp-content\/uploads\/2023\/05\/Bittner-Jaromir-e1683726814402-200x300.jpg 200w\" sizes=\"(max-width: 333px) 100vw, 333px\" \/><p>Ing. Jarom\u00edr Bittner<\/p>        <\/div>\n            <button class=\"gov-button gov-button--secondary gov-modal__close\" aria-labelledby=\"modal-close\">\n              <span\n                  id=\"modal-close-311591911\"\n                  class=\"u-sr-only gov-button__label\">\n                        Close modal window                <\/span>\n            <\/button>\n        <\/div>\n    <div class=\"gov-modal__backdrop\"><\/div>\n<\/div>                <\/div>\n        <\/div><\/div><\/div><\/div><\/div><\/div>","protected":false},"excerpt":{"rendered":"<p>Rail Authority Director doc. Ing. Ji\u0159\u00ed Kol\u00e1\u0159, Ph.D. Rail Authority Director View CV (PDF) Preview doc. Ing. Ji\u0159\u00ed Kol\u00e1\u0159, Ph.D. Close modal window Director\u2019s Office Department Ing. Martina Fialov\u00e1 Head of Rail Authority Director\u2019s Office View CV (PDF) Preview Ing. Martina Fialov\u00e1 Close modal window Operations Division Ing. Jan Vrbata, Ph.D. Head of Operations Division [&hellip;]<\/p>\n","protected":false},"author":1,"featured_media":0,"parent":7018,"menu_order":6,"comment_status":"closed","ping_status":"closed","template":"page-article-content.php","meta":{"footnotes":""},"class_list":["post-7316","page","type-page","status-publish","hentry"],"publishpress_future_workflow_manual_trigger":{"enabledWorkflows":[]},"_links":{"self":[{"href":"https:\/\/web-prod.k8s.du.gov.cz\/en\/wp-json\/wp\/v2\/pages\/7316","targetHints":{"allow":["GET"]}}],"collection":[{"href":"https:\/\/web-prod.k8s.du.gov.cz\/en\/wp-json\/wp\/v2\/pages"}],"about":[{"href":"https:\/\/web-prod.k8s.du.gov.cz\/en\/wp-json\/wp\/v2\/types\/page"}],"author":[{"embeddable":true,"href":"https:\/\/web-prod.k8s.du.gov.cz\/en\/wp-json\/wp\/v2\/users\/1"}],"replies":[{"embeddable":true,"href":"https:\/\/web-prod.k8s.du.gov.cz\/en\/wp-json\/wp\/v2\/comments?post=7316"}],"version-history":[{"count":16,"href":"https:\/\/web-prod.k8s.du.gov.cz\/en\/wp-json\/wp\/v2\/pages\/7316\/revisions"}],"predecessor-version":[{"id":9628,"href":"https:\/\/web-prod.k8s.du.gov.cz\/en\/wp-json\/wp\/v2\/pages\/7316\/revisions\/9628"}],"up":[{"embeddable":true,"href":"https:\/\/web-prod.k8s.du.gov.cz\/en\/wp-json\/wp\/v2\/pages\/7018"}],"wp:attachment":[{"href":"https:\/\/web-prod.k8s.du.gov.cz\/en\/wp-json\/wp\/v2\/media?parent=7316"}],"curies":[{"name":"wp","href":"https:\/\/api.w.org\/{rel}","templated":true}]}}